{"id":3040,"date":"2016-03-30T09:48:27","date_gmt":"2016-03-30T07:48:27","guid":{"rendered":"https:\/\/www.alpenklang.info\/at\/winterurlaub-grossarl\/"},"modified":"2025-11-07T15:24:19","modified_gmt":"2025-11-07T14:24:19","slug":"winterurlaub-grossarl","status":"publish","type":"page","link":"https:\/\/www.alpenklang.info\/at\/urlaub-grossarl\/winterurlaub-grossarl\/","title":{"rendered":"Abseits der Piste"},"content":{"rendered":"<div class=\"wpb-content-wrapper\"><p>[vc_row][vc_column][vc_column_text]<\/p>\n<h1>Ihr Winterurlaub in Gro\u00dfarl<\/h1>\n<h2>Abseits der Pisten das Gro\u00dfarltal\u00a0erleben<\/h2>\n<p>[\/vc_column_text][\/vc_column][\/vc_row][vc_row][vc_column width=&#8221;1\/2&#8243;][vc_column_text]Genie\u00dfen Sie den puren Spa\u00df im Schnee &#8211; Das Gro\u00dfarltal l\u00e4dt Sie ein, Ihren <strong>Winterurlaub<\/strong> im <a href=\"https:\/\/www.alpenklang.info\/\">Hotel Alpenklang<\/a>\u00a0im Salzburger Land\u00a0bunt zu gestalten. Von <strong>Schneeschuhen<\/strong> getragen, mit <strong>Tourenskiern<\/strong> oder zu Fu\u00df wandern Sie den wei\u00dfen Gipfeln entgegen. In Gro\u00dfarl macht der Winter nicht nur auf &#8220;Brettern&#8221; Spa\u00df, auch auf <strong>Kufen ins Tal zu flitzen<\/strong> ist lustig.[\/vc_column_text][\/vc_column][vc_column width=&#8221;1\/2&#8243;][vc_column_text]Gem\u00fctlicher ist eine <strong>romantische Pferdeschlittenfahrt<\/strong> oder eine Partie <strong>Eisstockschie\u00dfen<\/strong>. Lassen Sie sich im Hotel Alpenklang f\u00fcr diesen\u00a0traditionellen Sport begeistern. Egal f\u00fcr welche Urlaubsgestaltung\u00a0Sie sich entscheiden, der Zauber der verschneiten Bergwelt begleitet Sie im <strong>Winterurlaub in Gro\u00dfarl, Salzburger Land<\/strong>.[\/vc_column_text][\/vc_column][\/vc_row][vc_row full_width=&#8221;stretch_row&#8221; el_class=&#8221;hintergrund&#8221; css=&#8221;.vc_custom_1459842375367{margin-bottom: 0px !important;}&#8221;][vc_column][vc_column_text]<\/p>\n<h3>Gro\u00dfarl &amp; H\u00fcttschlag im Winterurlaub entdecken<\/h3>\n<p>[\/vc_column_text][vc_tta_accordion active_section=&#8221;false&#8221; collapsible_all=&#8221;true&#8221;][vc_tta_section title=&#8221;Schneeschuh- &amp; Winterwandern&#8221; tab_id=&#8221;1459837654203-c2c66c62-486c&#8221;][vc_column_text]<\/p>\n<h5>Mit Schneeschuhen &amp; zu Fu\u00df durch die verschneite Landschaft<\/h5>\n<p>[\/vc_column_text][vc_row_inner content_placement=&#8221;middle&#8221;][vc_column_inner width=&#8221;1\/2&#8243;][vc_single_image image=&#8221;2771&#8243; img_size=&#8221;medium&#8221; onclick=&#8221;link_image&#8221;][\/vc_column_inner][vc_column_inner width=&#8221;1\/2&#8243;][vc_column_text]<\/p>\n<ul>\n<li>Abwechslungsreiche\u00a0<a href=\"http:\/\/touren.grossarltal.info\/de\/touren\/#bm=oa_map_winter&amp;cat=Schneeschuh&amp;ov=skiresort\" target=\"_blank\" rel=\"noopener\">Schneeschuhwanderungen<\/a> im Gro\u00dfarltal<\/li>\n<li><strong>Verleih von Schneeschuhen &amp; St\u00f6cken<\/strong> in den \u00f6rtlichen Sportgesch\u00e4ften<\/li>\n<li><strong>Gef\u00fchrte Schneeschuhwanderungen<\/strong> mit <a href=\"http:\/\/www.berg-gesund.at\/\" target=\"_blank\" rel=\"noopener\">Berg Gesund<\/a>\u00a0(Gratis-Teilnahme f\u00fcr Alpenklang-G\u00e4ste)<\/li>\n<li>Rund\u00a0<strong>35 km ger\u00e4umte <\/strong><a href=\"http:\/\/touren.grossarltal.info\/de\/touren\/#bm=oa_map_winter&amp;cat=Winterwandern&amp;ov=skiresort\" target=\"_blank\" rel=\"noopener\">Winterwander-Wege<\/a><\/li>\n<li>W\u00f6chentliche Fackelwanderung bei entsprechender Schneelage<\/li>\n<li>Start von Wanderungen direkt beim Hotel Alpenklang<\/li>\n<\/ul>\n<p>[\/vc_column_text][\/vc_column_inner][\/vc_row_inner][\/vc_tta_section][vc_tta_section title=&#8221;Rodeln &amp; Pferdeschlittenfahren&#8221; tab_id=&#8221;1459838731911-77d51d2a-4e47&#8243;][vc_column_text]<\/p>\n<h5>Das Gro\u00dfarltal auf Kufen erkunden<\/h5>\n<p>[\/vc_column_text][vc_row_inner content_placement=&#8221;middle&#8221;][vc_column_inner width=&#8221;1\/2&#8243;][vc_single_image image=&#8221;2773&#8243; img_size=&#8221;medium&#8221; onclick=&#8221;link_image&#8221;][\/vc_column_inner][vc_column_inner width=&#8221;1\/2&#8243;][vc_column_text]<\/p>\n<ul>\n<li><strong>Pferdeschlittenfahrten<\/strong> durch die malerische Landschaft &#8211; auf Anfrage in <strong>Gro\u00dfarl &amp; H\u00fcttschlag<\/strong> m\u00f6glich<\/li>\n<li><strong>Beleuchtete Rodelbahn<\/strong> beim Hotel Lammerwirt: ca. 3\u00a0km lang,\u00a0Aufstieg zu Fu\u00df oder mit dem\u00a0Rodelexpress<\/li>\n<li><strong>Kostenloser Schlittenverleih<\/strong> im Hotel Alpenklang<\/li>\n<li>Gerne sind wir bei der Organisation Ihrer Aktivit\u00e4ten behilflich<\/li>\n<\/ul>\n<p>[\/vc_column_text][\/vc_column_inner][\/vc_row_inner][\/vc_tta_section][vc_tta_section title=&#8221;Eisstockschie\u00dfen &amp; Eislaufen&#8221; tab_id=&#8221;1459838815951-2e00ea20-a1bb&#8221;][vc_column_text css=&#8221;&#8221;]<\/p>\n<h5>Sch\u00f6ne Stunden beim Eisstockschie\u00dfen<\/h5>\n<p>[\/vc_column_text][vc_row_inner content_placement=&#8221;middle&#8221;][vc_column_inner width=&#8221;1\/2&#8243;][vc_single_image image=&#8221;2770&#8243; img_size=&#8221;medium&#8221; onclick=&#8221;link_image&#8221;][\/vc_column_inner][vc_column_inner width=&#8221;1\/2&#8243;][vc_column_text css=&#8221;&#8221;]<\/p>\n<ul>\n<li>Traditionssport Eisstockschie\u00dfen f\u00fcr Gro\u00df &amp; Klein<\/li>\n<li><strong>Eisstockbahn mit Flutlicht<\/strong> im Ortsteil Unterberg<\/li>\n<li>Verleih von Eisst\u00f6cken vor Ort<\/li>\n<\/ul>\n<p>[\/vc_column_text][\/vc_column_inner][\/vc_row_inner][\/vc_tta_section][vc_tta_section title=&#8221;Skitouren &amp; Actionsport&#8221; tab_id=&#8221;1459838845755-3b16492f-b5c5&#8243;][vc_column_text]<\/p>\n<h5>Spa\u00df, Spannung &amp; Nervenkitzel im Gro\u00dfarltal<\/h5>\n<p>[\/vc_column_text][vc_row_inner content_placement=&#8221;middle&#8221;][vc_column_inner width=&#8221;1\/2&#8243;][vc_single_image image=&#8221;2772&#8243; img_size=&#8221;medium&#8221; onclick=&#8221;link_image&#8221;][\/vc_column_inner][vc_column_inner width=&#8221;1\/2&#8243;][vc_column_text]<\/p>\n<ul>\n<li>Gro\u00dfarltal ist ein beliebtes <strong>Skitouren<\/strong>-Gebiet: unz\u00e4hlige Gipfel, <a href=\"http:\/\/touren.grossarltal.info\/de\/touren\/#bm=oa_map_winter&amp;cat=Skitour&amp;ov=skiresort\" target=\"_blank\" rel=\"noopener\">Touren mit verschiedenen L\u00e4ngen &amp; Schwierigkeitsgraden<\/a><\/li>\n<li>Verleih von Skitouren-Ausr\u00fcstung bei den Sportgesch\u00e4ften in Gro\u00dfarl<\/li>\n<li>Bitte beachten Sie die aktuelle Lawinensituation<\/li>\n<li><strong>Gef\u00fchrte Skitouren<\/strong> mit <a href=\"http:\/\/www.berg-gesund.at\/\" target=\"_blank\" rel=\"noopener\">Berg Gesund<\/a> (kostenlose Teilnahme f\u00fcr Alpenklang-G\u00e4ste)<\/li>\n<li><strong>Eiskletter-Kurse<\/strong>\u00a0&amp; <strong>Ausr\u00fcstungsverleih<\/strong> bei <a href=\"http:\/\/www.berg-gesund.at\/\" target=\"_blank\" rel=\"noopener\">Berg Gesund<\/a><\/li>\n<li><strong>Tandem-Paragleit<\/strong>-Angebot bei <a href=\"http:\/\/www.flytandem.at\/\" target=\"_blank\" rel=\"noopener\">FlyTandem.at<\/a><\/li>\n<\/ul>\n<p>[\/vc_column_text][\/vc_column_inner][\/vc_row_inner][\/vc_tta_section][\/vc_tta_accordion][\/vc_column][\/vc_row][vc_row full_width=&#8221;stretch_row_content_no_spaces&#8221;][vc_column width=&#8221;1\/3&#8243;][vc_single_image image=&#8221;2775&#8243; img_size=&#8221;big&#8221; onclick=&#8221;link_image&#8221;][\/vc_column][vc_column width=&#8221;1\/3&#8243;][vc_single_image image=&#8221;2776&#8243; img_size=&#8221;big&#8221; onclick=&#8221;link_image&#8221;][\/vc_column][vc_column width=&#8221;1\/3&#8243;][vc_single_image image=&#8221;2774&#8243; img_size=&#8221;big&#8221; onclick=&#8221;link_image&#8221;][\/vc_column][\/vc_row][vc_row][vc_column width=&#8221;1\/3&#8243;][vc_column_text]<span class=\"button-block\"><a href=\"https:\/\/www.alpenklang.info\/urlaub-grossarl\/skiurlaub-skifahren-grossarl\/\">Skiurlaub in Gro\u00dfarl<\/a><\/span>[\/vc_column_text][\/vc_column][vc_column width=&#8221;1\/3&#8243;][vc_column_text]<span class=\"button-block\"><a href=\"https:\/\/www.alpenklang.info\/urlaub-grossarl\/langlaufen-grossarl\/\">Langlaufen<\/a><\/span>[\/vc_column_text][\/vc_column][vc_column width=&#8221;1\/3&#8243;][vc_column_text]<span class=\"button-block\"><a href=\"https:\/\/www.alpenklang.info\/urlaub-grossarl\/wetter-grossarl\/\">Wetter<\/a><\/span>[\/vc_column_text][\/vc_column][\/vc_row]<\/p>\n<\/div>","protected":false},"excerpt":{"rendered":"<p>[vc_row][vc_column][vc_column_text] Ihr Winterurlaub in Gro\u00dfarl Abseits der Pisten das Gro\u00dfarltal\u00a0erleben [\/vc_column_text][\/vc_column][\/vc_row][vc_row][vc_column width=&#8221;1\/2&#8243;][vc_column_text]Genie\u00dfen Sie den puren Spa\u00df im Schnee &#8211; Das Gro\u00dfarltal l\u00e4dt Sie ein, Ihren Winterurlaub im Hotel Alpenklang\u00a0im Salzburger Land\u00a0bunt zu gestalten. Von Schneeschuhen getragen, mit Tourenskiern oder zu Fu\u00df wandern Sie den wei\u00dfen Gipfeln entgegen. In Gro\u00dfarl macht der Winter nicht nur auf &hellip;<\/p>\n\n<p><a class=\"readmore btn btn-default btn-default btn-block\" href=\"https:\/\/www.alpenklang.info\/at\/urlaub-grossarl\/winterurlaub-grossarl\/\">Read More<\/a><\/p>","protected":false},"author":1,"featured_media":2760,"parent":3048,"menu_order":0,"comment_status":"closed","ping_status":"closed","template":"","meta":{"footnotes":""},"class_list":["post-3040","page","type-page","status-publish","has-post-thumbnail","hentry"],"yoast_head":"<!-- This site is optimized with the Yoast SEO plugin v27.5 - https:\/\/yoast.com\/product\/yoast-seo-wordpress\/ -->\n<title>Vielf\u00e4ltiger Winterurlaub in Gro\u00dfarl, Salzburger Land<\/title>\n<meta name=\"description\" content=\"Schneeschuhwandern, Winterwandern, Rodeln, Pferdeschlittenfahren, Eisstock-Bahn vor dem Hotel uvm. in Ihrem Winterurlaub im Gro\u00dfarltal, Salzburger Land.\" \/>\n<meta name=\"robots\" content=\"index, follow, max-snippet:-1, max-image-preview:large, max-video-preview:-1\" \/>\n<link rel=\"canonical\" href=\"https:\/\/www.alpenklang.info\/at\/urlaub-grossarl\/winterurlaub-grossarl\/\" \/>\n<meta property=\"og:locale\" content=\"de_DE\" \/>\n<meta property=\"og:type\" content=\"article\" \/>\n<meta property=\"og:title\" content=\"Vielf\u00e4ltiger Winterurlaub in Gro\u00dfarl, Salzburger Land\" \/>\n<meta property=\"og:description\" content=\"Schneeschuhwandern, Winterwandern, Rodeln, Pferdeschlittenfahren, Eisstock-Bahn vor dem Hotel uvm. in Ihrem Winterurlaub im Gro\u00dfarltal, Salzburger Land.\" \/>\n<meta property=\"og:url\" content=\"https:\/\/www.alpenklang.info\/at\/urlaub-grossarl\/winterurlaub-grossarl\/\" \/>\n<meta property=\"og:site_name\" content=\"Hotel Alpenklang\" \/>\n<meta property=\"article:modified_time\" content=\"2025-11-07T14:24:19+00:00\" \/>\n<meta property=\"og:image\" content=\"https:\/\/www.alpenklang.info\/wp-content\/uploads\/rodeln-grossarltal-2.jpg\" \/>\n\t<meta property=\"og:image:width\" content=\"1920\" \/>\n\t<meta property=\"og:image:height\" content=\"750\" \/>\n\t<meta property=\"og:image:type\" content=\"image\/jpeg\" \/>\n<meta name=\"twitter:label1\" content=\"Est. reading time\" \/>\n\t<meta name=\"twitter:data1\" content=\"4 minutes\" \/>\n<script type=\"application\/ld+json\" class=\"yoast-schema-graph\">{\"@context\":\"https:\\\/\\\/schema.org\",\"@graph\":[{\"@type\":\"WebPage\",\"@id\":\"https:\\\/\\\/www.alpenklang.info\\\/at\\\/urlaub-grossarl\\\/winterurlaub-grossarl\\\/\",\"url\":\"https:\\\/\\\/www.alpenklang.info\\\/at\\\/urlaub-grossarl\\\/winterurlaub-grossarl\\\/\",\"name\":\"Vielf\u00e4ltiger Winterurlaub in Gro\u00dfarl, Salzburger Land\",\"isPartOf\":{\"@id\":\"https:\\\/\\\/www.alpenklang.info\\\/en\\\/#website\"},\"primaryImageOfPage\":{\"@id\":\"https:\\\/\\\/www.alpenklang.info\\\/at\\\/urlaub-grossarl\\\/winterurlaub-grossarl\\\/#primaryimage\"},\"image\":{\"@id\":\"https:\\\/\\\/www.alpenklang.info\\\/at\\\/urlaub-grossarl\\\/winterurlaub-grossarl\\\/#primaryimage\"},\"thumbnailUrl\":\"https:\\\/\\\/www.alpenklang.info\\\/wp-content\\\/uploads\\\/rodeln-grossarltal-2.jpg\",\"datePublished\":\"2016-03-30T07:48:27+00:00\",\"dateModified\":\"2025-11-07T14:24:19+00:00\",\"description\":\"Schneeschuhwandern, Winterwandern, Rodeln, Pferdeschlittenfahren, Eisstock-Bahn vor dem Hotel uvm. in Ihrem Winterurlaub im Gro\u00dfarltal, Salzburger Land.\",\"breadcrumb\":{\"@id\":\"https:\\\/\\\/www.alpenklang.info\\\/at\\\/urlaub-grossarl\\\/winterurlaub-grossarl\\\/#breadcrumb\"},\"inLanguage\":\"de\",\"potentialAction\":[{\"@type\":\"ReadAction\",\"target\":[\"https:\\\/\\\/www.alpenklang.info\\\/at\\\/urlaub-grossarl\\\/winterurlaub-grossarl\\\/\"]}]},{\"@type\":\"ImageObject\",\"inLanguage\":\"de\",\"@id\":\"https:\\\/\\\/www.alpenklang.info\\\/at\\\/urlaub-grossarl\\\/winterurlaub-grossarl\\\/#primaryimage\",\"url\":\"https:\\\/\\\/www.alpenklang.info\\\/wp-content\\\/uploads\\\/rodeln-grossarltal-2.jpg\",\"contentUrl\":\"https:\\\/\\\/www.alpenklang.info\\\/wp-content\\\/uploads\\\/rodeln-grossarltal-2.jpg\",\"width\":1920,\"height\":750},{\"@type\":\"BreadcrumbList\",\"@id\":\"https:\\\/\\\/www.alpenklang.info\\\/at\\\/urlaub-grossarl\\\/winterurlaub-grossarl\\\/#breadcrumb\",\"itemListElement\":[{\"@type\":\"ListItem\",\"position\":1,\"name\":\"Home\",\"item\":\"https:\\\/\\\/www.alpenklang.info\\\/at\\\/\"},{\"@type\":\"ListItem\",\"position\":2,\"name\":\"Gro\u00dfarl aktiv\",\"item\":\"https:\\\/\\\/www.alpenklang.info\\\/urlaub-grossarl\\\/\"},{\"@type\":\"ListItem\",\"position\":3,\"name\":\"Abseits der Piste\"}]},{\"@type\":\"WebSite\",\"@id\":\"https:\\\/\\\/www.alpenklang.info\\\/en\\\/#website\",\"url\":\"https:\\\/\\\/www.alpenklang.info\\\/en\\\/\",\"name\":\"Hotel Alpenklang\",\"description\":\"Hotel &amp; Berggasthaus in Gro\u00dfarl\",\"potentialAction\":[{\"@type\":\"SearchAction\",\"target\":{\"@type\":\"EntryPoint\",\"urlTemplate\":\"https:\\\/\\\/www.alpenklang.info\\\/en\\\/?s={search_term_string}\"},\"query-input\":{\"@type\":\"PropertyValueSpecification\",\"valueRequired\":true,\"valueName\":\"search_term_string\"}}],\"inLanguage\":\"de\"}]}<\/script>\n<!-- \/ Yoast SEO plugin. -->","yoast_head_json":{"title":"Vielf\u00e4ltiger Winterurlaub in Gro\u00dfarl, Salzburger Land","description":"Schneeschuhwandern, Winterwandern, Rodeln, Pferdeschlittenfahren, Eisstock-Bahn vor dem Hotel uvm. in Ihrem Winterurlaub im Gro\u00dfarltal, Salzburger Land.","robots":{"index":"index","follow":"follow","max-snippet":"max-snippet:-1","max-image-preview":"max-image-preview:large","max-video-preview":"max-video-preview:-1"},"canonical":"https:\/\/www.alpenklang.info\/at\/urlaub-grossarl\/winterurlaub-grossarl\/","og_locale":"de_DE","og_type":"article","og_title":"Vielf\u00e4ltiger Winterurlaub in Gro\u00dfarl, Salzburger Land","og_description":"Schneeschuhwandern, Winterwandern, Rodeln, Pferdeschlittenfahren, Eisstock-Bahn vor dem Hotel uvm. in Ihrem Winterurlaub im Gro\u00dfarltal, Salzburger Land.","og_url":"https:\/\/www.alpenklang.info\/at\/urlaub-grossarl\/winterurlaub-grossarl\/","og_site_name":"Hotel Alpenklang","article_modified_time":"2025-11-07T14:24:19+00:00","og_image":[{"width":1920,"height":750,"url":"https:\/\/www.alpenklang.info\/wp-content\/uploads\/rodeln-grossarltal-2.jpg","type":"image\/jpeg"}],"twitter_misc":{"Est. reading time":"4 minutes"},"schema":{"@context":"https:\/\/schema.org","@graph":[{"@type":"WebPage","@id":"https:\/\/www.alpenklang.info\/at\/urlaub-grossarl\/winterurlaub-grossarl\/","url":"https:\/\/www.alpenklang.info\/at\/urlaub-grossarl\/winterurlaub-grossarl\/","name":"Vielf\u00e4ltiger Winterurlaub in Gro\u00dfarl, Salzburger Land","isPartOf":{"@id":"https:\/\/www.alpenklang.info\/en\/#website"},"primaryImageOfPage":{"@id":"https:\/\/www.alpenklang.info\/at\/urlaub-grossarl\/winterurlaub-grossarl\/#primaryimage"},"image":{"@id":"https:\/\/www.alpenklang.info\/at\/urlaub-grossarl\/winterurlaub-grossarl\/#primaryimage"},"thumbnailUrl":"https:\/\/www.alpenklang.info\/wp-content\/uploads\/rodeln-grossarltal-2.jpg","datePublished":"2016-03-30T07:48:27+00:00","dateModified":"2025-11-07T14:24:19+00:00","description":"Schneeschuhwandern, Winterwandern, Rodeln, Pferdeschlittenfahren, Eisstock-Bahn vor dem Hotel uvm. in Ihrem Winterurlaub im Gro\u00dfarltal, Salzburger Land.","breadcrumb":{"@id":"https:\/\/www.alpenklang.info\/at\/urlaub-grossarl\/winterurlaub-grossarl\/#breadcrumb"},"inLanguage":"de","potentialAction":[{"@type":"ReadAction","target":["https:\/\/www.alpenklang.info\/at\/urlaub-grossarl\/winterurlaub-grossarl\/"]}]},{"@type":"ImageObject","inLanguage":"de","@id":"https:\/\/www.alpenklang.info\/at\/urlaub-grossarl\/winterurlaub-grossarl\/#primaryimage","url":"https:\/\/www.alpenklang.info\/wp-content\/uploads\/rodeln-grossarltal-2.jpg","contentUrl":"https:\/\/www.alpenklang.info\/wp-content\/uploads\/rodeln-grossarltal-2.jpg","width":1920,"height":750},{"@type":"BreadcrumbList","@id":"https:\/\/www.alpenklang.info\/at\/urlaub-grossarl\/winterurlaub-grossarl\/#breadcrumb","itemListElement":[{"@type":"ListItem","position":1,"name":"Home","item":"https:\/\/www.alpenklang.info\/at\/"},{"@type":"ListItem","position":2,"name":"Gro\u00dfarl aktiv","item":"https:\/\/www.alpenklang.info\/urlaub-grossarl\/"},{"@type":"ListItem","position":3,"name":"Abseits der Piste"}]},{"@type":"WebSite","@id":"https:\/\/www.alpenklang.info\/en\/#website","url":"https:\/\/www.alpenklang.info\/en\/","name":"Hotel Alpenklang","description":"Hotel &amp; Berggasthaus in Gro\u00dfarl","potentialAction":[{"@type":"SearchAction","target":{"@type":"EntryPoint","urlTemplate":"https:\/\/www.alpenklang.info\/en\/?s={search_term_string}"},"query-input":{"@type":"PropertyValueSpecification","valueRequired":true,"valueName":"search_term_string"}}],"inLanguage":"de"}]}},"_links":{"self":[{"href":"https:\/\/www.alpenklang.info\/at\/wp-json\/wp\/v2\/pages\/3040","targetHints":{"allow":["GET"]}}],"collection":[{"href":"https:\/\/www.alpenklang.info\/at\/wp-json\/wp\/v2\/pages"}],"about":[{"href":"https:\/\/www.alpenklang.info\/at\/wp-json\/wp\/v2\/types\/page"}],"author":[{"embeddable":true,"href":"https:\/\/www.alpenklang.info\/at\/wp-json\/wp\/v2\/users\/1"}],"replies":[{"embeddable":true,"href":"https:\/\/www.alpenklang.info\/at\/wp-json\/wp\/v2\/comments?post=3040"}],"version-history":[{"count":0,"href":"https:\/\/www.alpenklang.info\/at\/wp-json\/wp\/v2\/pages\/3040\/revisions"}],"up":[{"embeddable":true,"href":"https:\/\/www.alpenklang.info\/at\/wp-json\/wp\/v2\/pages\/3048"}],"wp:featuredmedia":[{"embeddable":true,"href":"https:\/\/www.alpenklang.info\/at\/wp-json\/wp\/v2\/media\/2760"}],"wp:attachment":[{"href":"https:\/\/www.alpenklang.info\/at\/wp-json\/wp\/v2\/media?parent=3040"}],"curies":[{"name":"wp","href":"https:\/\/api.w.org\/{rel}","templated":true}]}}