{"id":3068,"date":"2016-03-30T09:38:07","date_gmt":"2016-03-30T07:38:07","guid":{"rendered":"https:\/\/www.alpenklang.info\/at\/4-sterne-hotel-grossarl\/"},"modified":"2021-03-31T20:07:55","modified_gmt":"2021-03-31T18:07:55","slug":"4-sterne-hotel-grossarl","status":"publish","type":"page","link":"https:\/\/www.alpenklang.info\/at\/4-sterne-hotel-grossarl\/","title":{"rendered":"Das Berghotel"},"content":{"rendered":"<div class=\"wpb-content-wrapper\"><p>[vc_row][vc_column][vc_column_text]<\/p>\n<h1>Ihr Berghotel in Gro\u00dfarl<\/h1>\n<h2>Erholsamer Urlaub mitten in der Natur auf 1.050 m Seeh\u00f6he<\/h2>\n<p>[\/vc_column_text][\/vc_column][\/vc_row][vc_row][vc_column width=&#8221;1\/2&#8243;][vc_column_text]Verbringen Sie Ihren <a href=\"https:\/\/www.alpenklang.info\/at\/4-sterne-hotel-grossarl\/lage-in-den-bergen\/\">Urlaub in Panorama-Lage<\/a> im <a href=\"https:\/\/www.alpenklang.info\/at\/\">4 Sterne Hotel in Gro\u00dfarl<\/a>. Hier, in <strong>ruhiger Lage<\/strong> auf der sonnigen Anh\u00f6he (auf 1.050 m Seeh\u00f6he) <strong>mitten in der Natur<\/strong>, f\u00e4llt es leicht, sich zu entspannen. Auch im Hotel genie\u00dfen Sie unz\u00e4hlige Verw\u00f6hn-Momente: <a href=\"https:\/\/www.alpenklang.info\/at\/4-sterne-hotel-grossarl\/inklusivleistungen\/\">Verpflegung<\/a> mit Halbpension oder Fr\u00fchst\u00fccksbuffet, kostenlose Benutzung des\u00a0<a href=\"https:\/\/www.alpenklang.info\/at\/4-sterne-hotel-grossarl\/wellnesshotel-grossarl\/\">Berg-Wellness-Bereichs<\/a> mit Zirben-Biosauna, finnischer Altholz Sauna und Infrarot Sauna, freies W-Lan, Verleih von Sportger\u00e4ten und viele weitere <a href=\"https:\/\/www.alpenklang.info\/at\/4-sterne-hotel-grossarl\/inklusivleistungen\/\">Inklusivleistungen<\/a>.[\/vc_column_text][\/vc_column][vc_column width=&#8221;1\/2&#8243;][vc_column_text]Das <strong>4 Sterne Berghotel im Salzburger Land<\/strong> ist auch ideal f\u00fcr Ihren <a href=\"https:\/\/www.alpenklang.info\/at\/4-sterne-hotel-grossarl\/familien-kinderhotel-grossarl\/\">bunten Familienurlaub<\/a>. Im Familienhotel\u00a0in Gro\u00dfarl\u00a0finden unsere kleinen G\u00e4ste einen gro\u00dfz\u00fcgigen <strong>Spielplatz<\/strong>, einen <strong>Kinderspielraum<\/strong> mit verschiedenen Spielsachen, eigene <strong>Kindergerichte<\/strong>, Kinderbetten, Kinderst\u00fchle uvm. Im Berghotel Alpenklang spielen die <a href=\"https:\/\/www.alpenklang.info\/at\/4-sterne-hotel-grossarl\/ihre-gastgeber\/\">Wirtsleute<\/a> auf &#8211; die musikalische Unterhaltung mit der\u00a0<a href=\"https:\/\/www.alpenklang.info\/at\/alpenklang-musi\/\">Alpenklang Musi<\/a> verspricht ausgelassene\u00a0Stimmung.[\/vc_column_text][\/vc_column][\/vc_row][vc_row][vc_column][vc_column_text]<\/p>\n<h3>\u00c0 la carte Restaurant &amp; Berggasthaus<\/h3>\n<p>[\/vc_column_text][vc_column_text]Gerne verw\u00f6hnen wir Sie mit <a href=\"https:\/\/www.alpenklang.info\/at\/4-sterne-hotel-grossarl\/restaurant-berggasthaus-grossarl\/\">heimischen Spezialit\u00e4ten und internationaler K\u00fcche<\/a> auf h\u00f6chstem Niveau. Dabei legen wir besonderen Wert auf <strong>frische Zutaten<\/strong> und die <strong>hohe Qualit\u00e4t<\/strong> der verwendeten Produkte. Im Sommer l\u00e4dt\u00a0die Sonnenterrasse mit beeindruckendem Ausblick \u00fcber das Gro\u00dfarltal zum Drau\u00dfen-Essen ein. Das <strong>\u00c0 la carte Restaurant in Gro\u00dfarl<\/strong> eignet sich auch f\u00fcr\u00a0Ihre privaten Feiern, wie Geburtstage, Taufen, Hochzeitsjubil\u00e4en uvm.[\/vc_column_text][\/vc_column][\/vc_row][vc_row full_width=&#8221;stretch_row_content_no_spaces&#8221; el_class=&#8221;bilderreihe&#8221; css=&#8221;.vc_custom_1461832090868{margin-bottom: 70px !important;}&#8221;][vc_column width=&#8221;1\/3&#8243;][vc_single_image image=&#8221;2313&#8243; img_size=&#8221;big&#8221; onclick=&#8221;link_image&#8221; css=&#8221;.vc_custom_1469620542133{margin-bottom: 0px !important;}&#8221;][\/vc_column][vc_column width=&#8221;1\/3&#8243;][vc_single_image image=&#8221;854&#8243; img_size=&#8221;big&#8221; onclick=&#8221;link_image&#8221; css=&#8221;.vc_custom_1461832051977{margin-bottom: 0px !important;}&#8221;][\/vc_column][vc_column width=&#8221;1\/3&#8243;][vc_single_image image=&#8221;798&#8243; img_size=&#8221;big&#8221; onclick=&#8221;link_image&#8221; css=&#8221;.vc_custom_1461832075407{margin-bottom: 0px !important;}&#8221;][\/vc_column][\/vc_row][vc_row][vc_column][vc_column_text]<\/p>\n<h3>Das k\u00f6nnte Sie interessieren<\/h3>\n<p>[\/vc_column_text][\/vc_column][\/vc_row][vc_row][vc_column width=&#8221;1\/3&#8243;][vc_column_text css=&#8221;.vc_custom_1461830933510{margin-bottom: 40px !important;}&#8221;]<span class=\"button-block\"><a href=\"https:\/\/www.alpenklang.info\/at\/4-sterne-hotel-grossarl\/lage-in-den-bergen\/\">Lage in den Bergen<\/a><\/span>[\/vc_column_text][vc_column_text css=&#8221;.vc_custom_1461831062238{margin-bottom: 40px !important;}&#8221;]<span class=\"button-block\"><a href=\"https:\/\/www.alpenklang.info\/at\/4-sterne-hotel-grossarl\/restaurant-berggasthaus-grossarl\/\">Restaurant &amp; Berggasthaus<\/a><\/span>[\/vc_column_text][vc_column_text css=&#8221;.vc_custom_1461831263657{margin-bottom: 40px !important;}&#8221;]<span class=\"button-block\"><a href=\"https:\/\/www.alpenklang.info\/at\/4-sterne-hotel-grossarl\/hotelbewertungen\/\">Hotelbewertungen<\/a><\/span>[\/vc_column_text][vc_column_text]<span class=\"button-block\"><a href=\"https:\/\/www.alpenklang.info\/at\/4-sterne-hotel-grossarl\/hoteljournal\/\">Hoteljournal<\/a><\/span>[\/vc_column_text][\/vc_column][vc_column width=&#8221;1\/3&#8243;][vc_column_text css=&#8221;.vc_custom_1461831018729{margin-bottom: 40px !important;}&#8221;]<span class=\"button-block\"><a href=\"https:\/\/www.alpenklang.info\/at\/4-sterne-hotel-grossarl\/inklusivleistungen\/\">Kulinarik &amp; Inklusivleistungen<\/a><\/span>[\/vc_column_text][vc_column_text css=&#8221;.vc_custom_1461831074548{margin-bottom: 40px !important;}&#8221;]<span class=\"button-block\"><a href=\"https:\/\/www.alpenklang.info\/at\/4-sterne-hotel-grossarl\/wellnesshotel-grossarl\/\">Wellness<\/a><\/span>[\/vc_column_text][vc_column_text]<span class=\"button-block\"><a href=\"https:\/\/www.alpenklang.info\/at\/4-sterne-hotel-grossarl\/360-grad-tour\/\">360 Grad-Tour<\/a><\/span>[\/vc_column_text][\/vc_column][vc_column width=&#8221;1\/3&#8243;][vc_column_text css=&#8221;.vc_custom_1461831014479{margin-bottom: 40px !important;}&#8221;]<span class=\"button-block\"><a href=\"https:\/\/www.alpenklang.info\/at\/4-sterne-hotel-grossarl\/familien-kinderhotel-grossarl\/\">Familienhotel<\/a><\/span>[\/vc_column_text][vc_column_text css=&#8221;.vc_custom_1461831089774{margin-bottom: 40px !important;}&#8221;]<span class=\"button-block\"><a href=\"https:\/\/www.alpenklang.info\/at\/4-sterne-hotel-grossarl\/ihre-gastgeber\/\">Ihre Gastgeber<\/a><\/span>[\/vc_column_text][vc_column_text]<span class=\"button-block\"><a href=\"https:\/\/www.alpenklang.info\/at\/4-sterne-hotel-grossarl\/bilder-videos\/\">Bilder &amp; Videos<\/a><\/span>[\/vc_column_text][\/vc_column][\/vc_row]<\/p>\n<\/div>","protected":false},"excerpt":{"rendered":"<p>[vc_row][vc_column][vc_column_text] Ihr Berghotel in Gro\u00dfarl Erholsamer Urlaub mitten in der Natur auf 1.050 m Seeh\u00f6he [\/vc_column_text][\/vc_column][\/vc_row][vc_row][vc_column width=&#8221;1\/2&#8243;][vc_column_text]Verbringen Sie Ihren Urlaub in Panorama-Lage im 4 Sterne Hotel in Gro\u00dfarl. Hier, in ruhiger Lage auf der sonnigen Anh\u00f6he (auf 1.050 m Seeh\u00f6he) mitten in der Natur, f\u00e4llt es leicht, sich zu entspannen. Auch im Hotel genie\u00dfen Sie &hellip;<\/p>\n\n<p><a class=\"readmore btn btn-default btn-default btn-block\" href=\"https:\/\/www.alpenklang.info\/at\/4-sterne-hotel-grossarl\/\">Read More<\/a><\/p>","protected":false},"author":1,"featured_media":2792,"parent":0,"menu_order":0,"comment_status":"closed","ping_status":"closed","template":"","meta":{"footnotes":""},"class_list":["post-3068","page","type-page","status-publish","has-post-thumbnail","hentry"],"yoast_head":"<!-- This site is optimized with the Yoast SEO plugin v27.4 - https:\/\/yoast.com\/product\/yoast-seo-wordpress\/ -->\n<title>4 Sterne Berghotel in Gro\u00dfarl, Salzburger Land, \u00d6sterreich<\/title>\n<meta name=\"description\" content=\"Sonnige Panorama-Lage in Gro\u00dfarl auf 1.050 m Seeh\u00f6he, Ruhe in der Natur, Ausgangspunkt f\u00fcr Wanderungen, Mountainbike-Touren, Ski-Shuttle ins Ski amad\u00e9\" \/>\n<meta name=\"robots\" content=\"index, follow, max-snippet:-1, max-image-preview:large, max-video-preview:-1\" \/>\n<link rel=\"canonical\" href=\"https:\/\/www.alpenklang.info\/en\/4-star-hotel-grossarl\/\" \/>\n<meta property=\"og:locale\" content=\"de_DE\" \/>\n<meta property=\"og:type\" content=\"article\" \/>\n<meta property=\"og:title\" content=\"4 Sterne Berghotel in Gro\u00dfarl, Salzburger Land, \u00d6sterreich\" \/>\n<meta property=\"og:description\" content=\"Sonnige Panorama-Lage in Gro\u00dfarl auf 1.050 m Seeh\u00f6he, Ruhe in der Natur, Ausgangspunkt f\u00fcr Wanderungen, Mountainbike-Touren, Ski-Shuttle ins Ski amad\u00e9\" \/>\n<meta property=\"og:url\" content=\"https:\/\/www.alpenklang.info\/en\/4-star-hotel-grossarl\/\" \/>\n<meta property=\"og:site_name\" content=\"Hotel Alpenklang\" \/>\n<meta property=\"article:modified_time\" content=\"2021-03-31T18:07:55+00:00\" \/>\n<meta property=\"og:image\" content=\"https:\/\/www.alpenklang.info\/wp-content\/uploads\/hotel-alpenklang-bilder-videos-1.jpg\" \/>\n\t<meta property=\"og:image:width\" content=\"1920\" \/>\n\t<meta property=\"og:image:height\" content=\"750\" \/>\n\t<meta property=\"og:image:type\" content=\"image\/jpeg\" \/>\n<meta name=\"twitter:label1\" content=\"Est. reading time\" \/>\n\t<meta name=\"twitter:data1\" content=\"2 minutes\" \/>\n<script type=\"application\/ld+json\" class=\"yoast-schema-graph\">{\"@context\":\"https:\\\/\\\/schema.org\",\"@graph\":[{\"@type\":\"WebPage\",\"@id\":\"https:\\\/\\\/www.alpenklang.info\\\/en\\\/4-star-hotel-grossarl\\\/\",\"url\":\"https:\\\/\\\/www.alpenklang.info\\\/en\\\/4-star-hotel-grossarl\\\/\",\"name\":\"4 Sterne Berghotel in Gro\u00dfarl, Salzburger Land, \u00d6sterreich\",\"isPartOf\":{\"@id\":\"https:\\\/\\\/www.alpenklang.info\\\/en\\\/#website\"},\"primaryImageOfPage\":{\"@id\":\"https:\\\/\\\/www.alpenklang.info\\\/en\\\/4-star-hotel-grossarl\\\/#primaryimage\"},\"image\":{\"@id\":\"https:\\\/\\\/www.alpenklang.info\\\/en\\\/4-star-hotel-grossarl\\\/#primaryimage\"},\"thumbnailUrl\":\"https:\\\/\\\/www.alpenklang.info\\\/wp-content\\\/uploads\\\/hotel-alpenklang-bilder-videos-1.jpg\",\"datePublished\":\"2016-03-30T07:38:07+00:00\",\"dateModified\":\"2021-03-31T18:07:55+00:00\",\"description\":\"Sonnige Panorama-Lage in Gro\u00dfarl auf 1.050 m Seeh\u00f6he, Ruhe in der Natur, Ausgangspunkt f\u00fcr Wanderungen, Mountainbike-Touren, Ski-Shuttle ins Ski amad\u00e9\",\"breadcrumb\":{\"@id\":\"https:\\\/\\\/www.alpenklang.info\\\/en\\\/4-star-hotel-grossarl\\\/#breadcrumb\"},\"inLanguage\":\"de\",\"potentialAction\":[{\"@type\":\"ReadAction\",\"target\":[\"https:\\\/\\\/www.alpenklang.info\\\/en\\\/4-star-hotel-grossarl\\\/\"]}]},{\"@type\":\"ImageObject\",\"inLanguage\":\"de\",\"@id\":\"https:\\\/\\\/www.alpenklang.info\\\/en\\\/4-star-hotel-grossarl\\\/#primaryimage\",\"url\":\"https:\\\/\\\/www.alpenklang.info\\\/wp-content\\\/uploads\\\/hotel-alpenklang-bilder-videos-1.jpg\",\"contentUrl\":\"https:\\\/\\\/www.alpenklang.info\\\/wp-content\\\/uploads\\\/hotel-alpenklang-bilder-videos-1.jpg\",\"width\":1920,\"height\":750},{\"@type\":\"BreadcrumbList\",\"@id\":\"https:\\\/\\\/www.alpenklang.info\\\/en\\\/4-star-hotel-grossarl\\\/#breadcrumb\",\"itemListElement\":[{\"@type\":\"ListItem\",\"position\":1,\"name\":\"Home\",\"item\":\"https:\\\/\\\/www.alpenklang.info\\\/at\\\/\"},{\"@type\":\"ListItem\",\"position\":2,\"name\":\"Das Berghotel\"}]},{\"@type\":\"WebSite\",\"@id\":\"https:\\\/\\\/www.alpenklang.info\\\/en\\\/#website\",\"url\":\"https:\\\/\\\/www.alpenklang.info\\\/en\\\/\",\"name\":\"Hotel Alpenklang\",\"description\":\"Hotel &amp; Berggasthaus in Gro\u00dfarl\",\"potentialAction\":[{\"@type\":\"SearchAction\",\"target\":{\"@type\":\"EntryPoint\",\"urlTemplate\":\"https:\\\/\\\/www.alpenklang.info\\\/en\\\/?s={search_term_string}\"},\"query-input\":{\"@type\":\"PropertyValueSpecification\",\"valueRequired\":true,\"valueName\":\"search_term_string\"}}],\"inLanguage\":\"de\"}]}<\/script>\n<!-- \/ Yoast SEO plugin. -->","yoast_head_json":{"title":"4 Sterne Berghotel in Gro\u00dfarl, Salzburger Land, \u00d6sterreich","description":"Sonnige Panorama-Lage in Gro\u00dfarl auf 1.050 m Seeh\u00f6he, Ruhe in der Natur, Ausgangspunkt f\u00fcr Wanderungen, Mountainbike-Touren, Ski-Shuttle ins Ski amad\u00e9","robots":{"index":"index","follow":"follow","max-snippet":"max-snippet:-1","max-image-preview":"max-image-preview:large","max-video-preview":"max-video-preview:-1"},"canonical":"https:\/\/www.alpenklang.info\/en\/4-star-hotel-grossarl\/","og_locale":"de_DE","og_type":"article","og_title":"4 Sterne Berghotel in Gro\u00dfarl, Salzburger Land, \u00d6sterreich","og_description":"Sonnige Panorama-Lage in Gro\u00dfarl auf 1.050 m Seeh\u00f6he, Ruhe in der Natur, Ausgangspunkt f\u00fcr Wanderungen, Mountainbike-Touren, Ski-Shuttle ins Ski amad\u00e9","og_url":"https:\/\/www.alpenklang.info\/en\/4-star-hotel-grossarl\/","og_site_name":"Hotel Alpenklang","article_modified_time":"2021-03-31T18:07:55+00:00","og_image":[{"width":1920,"height":750,"url":"https:\/\/www.alpenklang.info\/wp-content\/uploads\/hotel-alpenklang-bilder-videos-1.jpg","type":"image\/jpeg"}],"twitter_misc":{"Est. reading time":"2 minutes"},"schema":{"@context":"https:\/\/schema.org","@graph":[{"@type":"WebPage","@id":"https:\/\/www.alpenklang.info\/en\/4-star-hotel-grossarl\/","url":"https:\/\/www.alpenklang.info\/en\/4-star-hotel-grossarl\/","name":"4 Sterne Berghotel in Gro\u00dfarl, Salzburger Land, \u00d6sterreich","isPartOf":{"@id":"https:\/\/www.alpenklang.info\/en\/#website"},"primaryImageOfPage":{"@id":"https:\/\/www.alpenklang.info\/en\/4-star-hotel-grossarl\/#primaryimage"},"image":{"@id":"https:\/\/www.alpenklang.info\/en\/4-star-hotel-grossarl\/#primaryimage"},"thumbnailUrl":"https:\/\/www.alpenklang.info\/wp-content\/uploads\/hotel-alpenklang-bilder-videos-1.jpg","datePublished":"2016-03-30T07:38:07+00:00","dateModified":"2021-03-31T18:07:55+00:00","description":"Sonnige Panorama-Lage in Gro\u00dfarl auf 1.050 m Seeh\u00f6he, Ruhe in der Natur, Ausgangspunkt f\u00fcr Wanderungen, Mountainbike-Touren, Ski-Shuttle ins Ski amad\u00e9","breadcrumb":{"@id":"https:\/\/www.alpenklang.info\/en\/4-star-hotel-grossarl\/#breadcrumb"},"inLanguage":"de","potentialAction":[{"@type":"ReadAction","target":["https:\/\/www.alpenklang.info\/en\/4-star-hotel-grossarl\/"]}]},{"@type":"ImageObject","inLanguage":"de","@id":"https:\/\/www.alpenklang.info\/en\/4-star-hotel-grossarl\/#primaryimage","url":"https:\/\/www.alpenklang.info\/wp-content\/uploads\/hotel-alpenklang-bilder-videos-1.jpg","contentUrl":"https:\/\/www.alpenklang.info\/wp-content\/uploads\/hotel-alpenklang-bilder-videos-1.jpg","width":1920,"height":750},{"@type":"BreadcrumbList","@id":"https:\/\/www.alpenklang.info\/en\/4-star-hotel-grossarl\/#breadcrumb","itemListElement":[{"@type":"ListItem","position":1,"name":"Home","item":"https:\/\/www.alpenklang.info\/at\/"},{"@type":"ListItem","position":2,"name":"Das Berghotel"}]},{"@type":"WebSite","@id":"https:\/\/www.alpenklang.info\/en\/#website","url":"https:\/\/www.alpenklang.info\/en\/","name":"Hotel Alpenklang","description":"Hotel &amp; Berggasthaus in Gro\u00dfarl","potentialAction":[{"@type":"SearchAction","target":{"@type":"EntryPoint","urlTemplate":"https:\/\/www.alpenklang.info\/en\/?s={search_term_string}"},"query-input":{"@type":"PropertyValueSpecification","valueRequired":true,"valueName":"search_term_string"}}],"inLanguage":"de"}]}},"_links":{"self":[{"href":"https:\/\/www.alpenklang.info\/at\/wp-json\/wp\/v2\/pages\/3068","targetHints":{"allow":["GET"]}}],"collection":[{"href":"https:\/\/www.alpenklang.info\/at\/wp-json\/wp\/v2\/pages"}],"about":[{"href":"https:\/\/www.alpenklang.info\/at\/wp-json\/wp\/v2\/types\/page"}],"author":[{"embeddable":true,"href":"https:\/\/www.alpenklang.info\/at\/wp-json\/wp\/v2\/users\/1"}],"replies":[{"embeddable":true,"href":"https:\/\/www.alpenklang.info\/at\/wp-json\/wp\/v2\/comments?post=3068"}],"version-history":[{"count":0,"href":"https:\/\/www.alpenklang.info\/at\/wp-json\/wp\/v2\/pages\/3068\/revisions"}],"wp:featuredmedia":[{"embeddable":true,"href":"https:\/\/www.alpenklang.info\/at\/wp-json\/wp\/v2\/media\/2792"}],"wp:attachment":[{"href":"https:\/\/www.alpenklang.info\/at\/wp-json\/wp\/v2\/media?parent=3068"}],"curies":[{"name":"wp","href":"https:\/\/api.w.org\/{rel}","templated":true}]}}